{"id":122,"date":"2023-02-14T09:31:39","date_gmt":"2023-02-14T09:31:39","guid":{"rendered":"https:\/\/imagina-grupo.com\/?page_id=122"},"modified":"2023-06-13T10:59:22","modified_gmt":"2023-06-13T10:59:22","slug":"quienes-somos","status":"publish","type":"page","link":"https:\/\/imagina-grupo.com\/index.php\/quienes-somos\/","title":{"rendered":"Grupo"},"content":{"rendered":"\n<h2 class=\"wp-block-heading has-text-align-center has-white-color has-black-background-color has-text-color has-background\" style=\"font-size:46px;font-style:normal;font-weight:800\">IMAGINA Grupo<\/h2>\n\n\n\n<div class=\"wp-block-columns alignwide is-layout-flex wp-container-core-columns-is-layout-8f761849 wp-block-columns-is-layout-flex\">\n<div class=\"wp-block-column is-layout-flow wp-block-column-is-layout-flow\"><\/div>\n\n\n\n<div class=\"wp-block-column is-vertically-aligned-center has-large-font-size is-layout-flow wp-block-column-is-layout-flow\" style=\"flex-basis:400px\">\n<div class=\"wp-block-group\"><div class=\"wp-block-group__inner-container is-layout-constrained wp-block-group-is-layout-constrained\">\n<p class=\"has-text-align-center wp-block-paragraph\" style=\"font-size:15px;font-style:normal;font-weight:200\">IMAGINA Grupo est\u00e1 compuesto de varias empresas que desarrollan trabajos en el sector tur\u00edstico. Fundado en 2010 como empresa individual, ha crecido hasta el d\u00eda de hoy multiplicando sus l\u00edneas de negocio, carteras y socios convirti\u00e9ndose en un Grupo Corporativo que cubre toda la cadena de valor del sector.&nbsp;&nbsp;<\/p>\n\n\n\n<p class=\"has-text-align-center wp-block-paragraph\" style=\"font-size:15px;font-style:normal;font-weight:200\">IMAGINA Grupo&nbsp;cuenta con un equipo humano cualificado y experimentado compuesto por 30 personas que cada d\u00eda trabajan con pasi\u00f3n en estrecha vinculaci\u00f3n con nuestros clientes, aportando soluciones y siempre a favor de la visi\u00f3n global de la empresa. Actualmente desarrollamos proyectos en Europa y Latino am\u00e9rica.<\/p>\n\n\n\n<p class=\"has-text-align-center wp-block-paragraph\" style=\"font-size:15px;font-style:normal;font-weight:200\">El equipo directivo del Grupo est\u00e1 formado por los responsables de las distintas \u00e1reas en las que opera la compa\u00f1\u00eda, perfiles con gran talento y experiencia.<\/p>\n\n\n\n<p class=\"has-text-align-center wp-block-paragraph\" style=\"font-size:15px;font-style:normal;font-weight:200\"> <\/p>\n<\/div><\/div>\n<\/div>\n\n\n\n<div class=\"wp-block-column is-layout-flow wp-block-column-is-layout-flow\"><\/div>\n<\/div>\n\n\n\n<div style=\"height:36px\" aria-hidden=\"true\" class=\"wp-block-spacer\"><\/div>\n","protected":false},"excerpt":{"rendered":"<p>IMAGINA Grupo IMAGINA Grupo est\u00e1 compuesto de varias empresas que desarrollan trabajos en el sector tur\u00edstico. Fundado en 2010 como empresa individual, ha crecido hasta el d\u00eda de hoy multiplicando sus l\u00edneas de negocio, carteras y socios convirti\u00e9ndose en un Grupo Corporativo que cubre toda la cadena de valor del sector.&nbsp;&nbsp; IMAGINA Grupo&nbsp;cuenta con un [&hellip;]<\/p>\n","protected":false},"author":1,"featured_media":0,"parent":0,"menu_order":0,"comment_status":"closed","ping_status":"closed","template":"template-page-builder-no-sidebar.php","meta":{"footnotes":""},"class_list":["post-122","page","type-page","status-publish","hentry","entry"],"_links":{"self":[{"href":"https:\/\/imagina-grupo.com\/index.php\/wp-json\/wp\/v2\/pages\/122","targetHints":{"allow":["GET"]}}],"collection":[{"href":"https:\/\/imagina-grupo.com\/index.php\/wp-json\/wp\/v2\/pages"}],"about":[{"href":"https:\/\/imagina-grupo.com\/index.php\/wp-json\/wp\/v2\/types\/page"}],"author":[{"embeddable":true,"href":"https:\/\/imagina-grupo.com\/index.php\/wp-json\/wp\/v2\/users\/1"}],"replies":[{"embeddable":true,"href":"https:\/\/imagina-grupo.com\/index.php\/wp-json\/wp\/v2\/comments?post=122"}],"version-history":[{"count":30,"href":"https:\/\/imagina-grupo.com\/index.php\/wp-json\/wp\/v2\/pages\/122\/revisions"}],"predecessor-version":[{"id":472,"href":"https:\/\/imagina-grupo.com\/index.php\/wp-json\/wp\/v2\/pages\/122\/revisions\/472"}],"wp:attachment":[{"href":"https:\/\/imagina-grupo.com\/index.php\/wp-json\/wp\/v2\/media?parent=122"}],"curies":[{"name":"wp","href":"https:\/\/api.w.org\/{rel}","templated":true}]}}